{"version":"1.0","provider_name":"Olis de Catalunya","provider_url":"https:\/\/www.olisdecatalunya.es\/ca","author_name":"Olis de Catalunya","author_url":"https:\/\/www.olisdecatalunya.es\/ca\/author\/olis-de-catalunya\/","title":"Oli d\u2019oliva i Oli d\u2019oliva verge extra: s\u00f3n el mateix? - Olis de Catalunya","type":"rich","width":600,"height":338,"html":"<blockquote class=\"wp-embedded-content\"><a href=\"https:\/\/www.olisdecatalunya.es\/ca\/oli-doliva-i-oli-doliva-verge-extra-mateix\/\">Oli d\u2019oliva i Oli d\u2019oliva verge extra: s\u00f3n el mateix?<\/a><\/blockquote>\n<script type='text\/javascript'>\n<!--\/\/--><![CDATA[\/\/><!--\n\t\t\/*! This file is auto-generated *\/\n\t\t!function(d,l){\"use strict\";var e=!1,o=!1;if(l.querySelector)if(d.addEventListener)e=!0;if(d.wp=d.wp||{},!d.wp.receiveEmbedMessage)if(d.wp.receiveEmbedMessage=function(e){var t=e.data;if(t)if(t.secret||t.message||t.value)if(!\/[^a-zA-Z0-9]\/.test(t.secret)){var r,a,i,s,n,o=l.querySelectorAll('iframe[data-secret=\"'+t.secret+'\"]'),c=l.querySelectorAll('blockquote[data-secret=\"'+t.secret+'\"]');for(r=0;r<c.length;r++)c[r].style.display=\"none\";for(r=0;r<o.length;r++)if(a=o[r],e.source===a.contentWindow){if(a.removeAttribute(\"style\"),\"height\"===t.message){if(1e3<(i=parseInt(t.value,10)))i=1e3;else if(~~i<200)i=200;a.height=i}if(\"link\"===t.message)if(s=l.createElement(\"a\"),n=l.createElement(\"a\"),s.href=a.getAttribute(\"src\"),n.href=t.value,n.host===s.host)if(l.activeElement===a)d.top.location.href=t.value}}},e)d.addEventListener(\"message\",d.wp.receiveEmbedMessage,!1),l.addEventListener(\"DOMContentLoaded\",t,!1),d.addEventListener(\"load\",t,!1);function t(){if(!o){o=!0;var e,t,r,a,i=-1!==navigator.appVersion.indexOf(\"MSIE 10\"),s=!!navigator.userAgent.match(\/Trident.*rv:11\\.\/),n=l.querySelectorAll(\"iframe.wp-embedded-content\");for(t=0;t<n.length;t++){if(!(r=n[t]).getAttribute(\"data-secret\"))a=Math.random().toString(36).substr(2,10),r.src+=\"#?secret=\"+a,r.setAttribute(\"data-secret\",a);if(i||s)(e=r.cloneNode(!0)).removeAttribute(\"security\"),r.parentNode.replaceChild(e,r)}}}}(window,document);\n\/\/--><!]]>\n<\/script><iframe sandbox=\"allow-scripts\" security=\"restricted\" src=\"https:\/\/www.olisdecatalunya.es\/ca\/oli-doliva-i-oli-doliva-verge-extra-mateix\/embed\/\" width=\"600\" height=\"338\" title=\"&#8220;Oli d\u2019oliva i Oli d\u2019oliva verge extra: s\u00f3n el mateix?&#8221; &#8212; Olis de Catalunya\" frameborder=\"0\" marginwidth=\"0\" marginheight=\"0\" scrolling=\"no\" class=\"wp-embedded-content\"><\/iframe>","thumbnail_url":"https:\/\/www.olisdecatalunya.es\/wp-content\/uploads\/2017\/10\/entrada-0.jpg","thumbnail_width":805,"thumbnail_height":452,"description":"Les prestatgeries del supermercat s\u00f3n plenes d\u2019olis, per\u00f2 no tots s\u00f3n iguals. A l\u2019hora de comprar, cal fixar-se en la categoria que apareix en l\u2019etiqueta del producte que estem a punt de posar al carro. No \u00e9s el mateix un oli d\u2019oliva verge extra, que un oli d\u2019oliva verge o un oli d\u2019oliva. Quina \u00e9s la difer\u00e8ncia? Oli d\u2019oliva verge extra L\u2019Oli d\u2019oliva verge extra \u00e9s l\u2019oli de millor qualitat que podem trobar. \u00c9s un suc natural d\u2019oliva; un oli que s\u2019ha obtingut directament de l\u2019oliva per procediments mec\u00e0nics. Per tant, no hi intervenen processos de refinament ni cap tipus d\u2019additiu. A m\u00e9s, l\u2019oli d\u2019oliva verge extra \u00e9s un oli sense defectes. La seva acidesa m\u00e0xima ser\u00e0 del 0,8%. Oli d\u2019oliva verge Com en el cas anterior, l\u2019oli d\u2019oliva verge \u00e9s un suc directament obtingut de l\u2019oliva. Per\u00f2 en aquest cas s\u00ed que presenta algun defecte. Per aix\u00f2 no podem anomenar-lo \u201cextra\u201d. La seva acidesa m\u00e0xima ser\u00e0 del 2%. Oli d\u2019oliva Un oli d\u2019oliva \u00e9s una mescla entre olis refinats i olis d\u2019oliva verges. \u00c9s un oli de menor qualitat, ja que s\u2019ha sotm\u00e8s a un proc\u00e9s de refinament que el converteix en apte per al consum per\u00f2 alhora en [&hellip;]"}