{"version":"1.0","provider_name":"Olis de Catalunya","provider_url":"https:\/\/www.olisdecatalunya.es\/ca","author_name":"Olis de Catalunya","author_url":"https:\/\/www.olisdecatalunya.es\/ca\/author\/iker-garcia\/","title":"Esclerosi m\u00faltiple: Mulla't amb OleAurum! - Olis de Catalunya","type":"rich","width":600,"height":338,"html":"<blockquote class=\"wp-embedded-content\"><a href=\"https:\/\/www.olisdecatalunya.es\/ca\/esclerosi-multiple-mullat-amb-oleaurum\/\">Esclerosi m\u00faltiple: Mulla&#8217;t amb OleAurum!<\/a><\/blockquote>\n<script type='text\/javascript'>\n<!--\/\/--><![CDATA[\/\/><!--\n\t\t\/*! This file is auto-generated *\/\n\t\t!function(d,l){\"use strict\";var e=!1,o=!1;if(l.querySelector)if(d.addEventListener)e=!0;if(d.wp=d.wp||{},!d.wp.receiveEmbedMessage)if(d.wp.receiveEmbedMessage=function(e){var t=e.data;if(t)if(t.secret||t.message||t.value)if(!\/[^a-zA-Z0-9]\/.test(t.secret)){var r,a,i,s,n,o=l.querySelectorAll('iframe[data-secret=\"'+t.secret+'\"]'),c=l.querySelectorAll('blockquote[data-secret=\"'+t.secret+'\"]');for(r=0;r<c.length;r++)c[r].style.display=\"none\";for(r=0;r<o.length;r++)if(a=o[r],e.source===a.contentWindow){if(a.removeAttribute(\"style\"),\"height\"===t.message){if(1e3<(i=parseInt(t.value,10)))i=1e3;else if(~~i<200)i=200;a.height=i}if(\"link\"===t.message)if(s=l.createElement(\"a\"),n=l.createElement(\"a\"),s.href=a.getAttribute(\"src\"),n.href=t.value,n.host===s.host)if(l.activeElement===a)d.top.location.href=t.value}}},e)d.addEventListener(\"message\",d.wp.receiveEmbedMessage,!1),l.addEventListener(\"DOMContentLoaded\",t,!1),d.addEventListener(\"load\",t,!1);function t(){if(!o){o=!0;var e,t,r,a,i=-1!==navigator.appVersion.indexOf(\"MSIE 10\"),s=!!navigator.userAgent.match(\/Trident.*rv:11\\.\/),n=l.querySelectorAll(\"iframe.wp-embedded-content\");for(t=0;t<n.length;t++){if(!(r=n[t]).getAttribute(\"data-secret\"))a=Math.random().toString(36).substr(2,10),r.src+=\"#?secret=\"+a,r.setAttribute(\"data-secret\",a);if(i||s)(e=r.cloneNode(!0)).removeAttribute(\"security\"),r.parentNode.replaceChild(e,r)}}}}(window,document);\n\/\/--><!]]>\n<\/script><iframe sandbox=\"allow-scripts\" security=\"restricted\" src=\"https:\/\/www.olisdecatalunya.es\/ca\/esclerosi-multiple-mullat-amb-oleaurum\/embed\/\" width=\"600\" height=\"338\" title=\"&#8220;Esclerosi m\u00faltiple: Mulla&#8217;t amb OleAurum!&#8221; &#8212; Olis de Catalunya\" frameborder=\"0\" marginwidth=\"0\" marginheight=\"0\" scrolling=\"no\" class=\"wp-embedded-content\"><\/iframe>","thumbnail_url":"https:\/\/www.olisdecatalunya.es\/wp-content\/uploads\/2018\/07\/mullemnos.jpg","thumbnail_width":805,"thumbnail_height":452,"description":"Sab\u00edeu que durant el mes de juliol, nom\u00e9s pel fet de comprar una ampolla d&#8217;oli OleAurum, estareu contribuint amb un euro a la lluita contra l&#8217;esclerosi m\u00faltiple? Comprar OleAurum ja \u00e9s de per s\u00ed\u00a0 una bona idea: a m\u00e9s de donar un euro en cada ampolla per lluitar contra l\u2019esclerosi m\u00faltiple tamb\u00e9 estareu ajudant a milers de petits productors de casa nostra! Trobareu OleAurum, l\u2019oli del mulla\u2019t, a cadenes com Bon Preu-Esclat, Caprabo, Condis, Sorli Discau, Plus Fresc, Carrefour, El Corte Ingl\u00e9s, els supermercats Michelangelo i Valvi. &nbsp; Per qu\u00e8 l\u2019 esclerosi? L\u2019esclerosi m\u00faltiple \u00e9s una malaltia neurol\u00f2gica cr\u00f2nica que afecta al sistema nervi\u00f3s central. No \u00e9s una malaltia contagiosa ni tampoc \u00e9s mortal. Malauradament per\u00f2 no t\u00e9 cura a dia d\u2019avui. I tan sols a Catalunya afecta a 7.500 persones. Els s\u00edmptomes d&#8217;esclerosi m\u00faltiple s\u00f3n d\u2019all\u00f2 m\u00e9s variats. Entre els m\u00e9s comuns s\u2019hi troben la fatiga, les alteracions sensorials, visuals i motores. L\u2019Esclerosi es presenta per sorpresa i afecta de manera diferent a cada persona. \u00a0 V\u00e8ncer el gran enemic: la por Probablement el principal enemic al que s\u2019enfronten les persones afectades per l\u2019esclerosi m\u00faltiple sigui la por. La hist\u00f2ria de l\u2019esclerosi \u00e9s una historia real, basada milers d\u2019experi\u00e8ncies [&hellip;]"}