{"version":"1.0","provider_name":"Olis de Catalunya","provider_url":"https:\/\/www.olisdecatalunya.es\/ca","author_name":"Olis de Catalunya","author_url":"https:\/\/www.olisdecatalunya.es\/ca\/author\/olis-de-catalunya\/","title":"La llauna d'Uni\u00f3 DOP Siurana renova la seva imatge - Olis de Catalunya","type":"rich","width":600,"height":338,"html":"<blockquote class=\"wp-embedded-content\"><a href=\"https:\/\/www.olisdecatalunya.es\/ca\/2381\/\">La llauna d&#8217;Uni\u00f3 DOP Siurana renova la seva imatge<\/a><\/blockquote>\n<script type='text\/javascript'>\n<!--\/\/--><![CDATA[\/\/><!--\n\t\t\/*! This file is auto-generated *\/\n\t\t!function(d,l){\"use strict\";var e=!1,o=!1;if(l.querySelector)if(d.addEventListener)e=!0;if(d.wp=d.wp||{},!d.wp.receiveEmbedMessage)if(d.wp.receiveEmbedMessage=function(e){var t=e.data;if(t)if(t.secret||t.message||t.value)if(!\/[^a-zA-Z0-9]\/.test(t.secret)){var r,a,i,s,n,o=l.querySelectorAll('iframe[data-secret=\"'+t.secret+'\"]'),c=l.querySelectorAll('blockquote[data-secret=\"'+t.secret+'\"]');for(r=0;r<c.length;r++)c[r].style.display=\"none\";for(r=0;r<o.length;r++)if(a=o[r],e.source===a.contentWindow){if(a.removeAttribute(\"style\"),\"height\"===t.message){if(1e3<(i=parseInt(t.value,10)))i=1e3;else if(~~i<200)i=200;a.height=i}if(\"link\"===t.message)if(s=l.createElement(\"a\"),n=l.createElement(\"a\"),s.href=a.getAttribute(\"src\"),n.href=t.value,n.host===s.host)if(l.activeElement===a)d.top.location.href=t.value}}},e)d.addEventListener(\"message\",d.wp.receiveEmbedMessage,!1),l.addEventListener(\"DOMContentLoaded\",t,!1),d.addEventListener(\"load\",t,!1);function t(){if(!o){o=!0;var e,t,r,a,i=-1!==navigator.appVersion.indexOf(\"MSIE 10\"),s=!!navigator.userAgent.match(\/Trident.*rv:11\\.\/),n=l.querySelectorAll(\"iframe.wp-embedded-content\");for(t=0;t<n.length;t++){if(!(r=n[t]).getAttribute(\"data-secret\"))a=Math.random().toString(36).substr(2,10),r.src+=\"#?secret=\"+a,r.setAttribute(\"data-secret\",a);if(i||s)(e=r.cloneNode(!0)).removeAttribute(\"security\"),r.parentNode.replaceChild(e,r)}}}}(window,document);\n\/\/--><!]]>\n<\/script><iframe sandbox=\"allow-scripts\" security=\"restricted\" src=\"https:\/\/www.olisdecatalunya.es\/ca\/2381\/embed\/\" width=\"600\" height=\"338\" title=\"&#8220;La llauna d&#8217;Uni\u00f3 DOP Siurana renova la seva imatge&#8221; &#8212; Olis de Catalunya\" frameborder=\"0\" marginwidth=\"0\" marginheight=\"0\" scrolling=\"no\" class=\"wp-embedded-content\"><\/iframe>","thumbnail_url":"https:\/\/www.olisdecatalunya.es\/wp-content\/uploads\/2023\/10\/Muntatge-nova-presentaci\u00f3-llauna-Uni\u00f3-3.jpg","thumbnail_width":1000,"thumbnail_height":563,"description":"Uni\u00f3 \u00e9s una de les marques estrella de la casa, un oli d&#8217;oliva verge extra de la DOP Siurana. Aquest any hem modificat la presentaci\u00f3 de les seves llaunes per tal d&#8217;adaptar la imatge a la resta dels formats de la gama. La nova \u00e9s m\u00e9s s\u00f2bria, amb colors m\u00e9s naturals perqu\u00e8 la import\u00e0ncia recaigui al producte. Reflexa que \u00e9s un producte de proximitat, de la terra. En primer lloc, cal recordar que l&#8217; oli d&#8217; oliva \u00e9s un greix l\u00edquid, per la qual cosa tendeix a l&#8217;oxidaci\u00f3 amb l&#8217; oxigen. A m\u00e9s d&#8217;aquest, el seu altre gran enemic \u00e9s la llum, ja que aquesta tamb\u00e9 \u00e9s la principal responsable del seu deteriorament de forma progressiva i que fa perdre qualitat al nostre oli. L&#8217;env\u00e0s que millor protegeix l&#8217;oli d&#8217;aquests dos factors no \u00e9s ni l&#8217;ampolla de vidre ni la garrafa de pl\u00e0stic: \u00e9s la llauna. Com sabem, \u00e9s un format opac i herm\u00e8tic que protegeix el nostre oli d&#8217;oliva de la llum, l&#8217;oxigen i qualsevol altre element que pugui contaminar el nostre oli. Aix\u00f2 permet poder conservar-lo durant molt m\u00e9s temps. A m\u00e9s de les perfectes condicions de conservaci\u00f3, la llauna tamb\u00e9 \u00e9s un env\u00e0s que optimitza l&#8217; espai, [&hellip;]"}